{"version":"1.0","provider_name":"abcMallorca Grow your Business","provider_url":"https:\/\/www.abcmallorcadigitalmedia.com\/de\/","author_name":"abcMallorca Marketing","author_url":"https:\/\/www.abcmallorcadigitalmedia.com\/de\/author\/pwsadmin\/","title":"Das Sa F\u00e0brica veranstaltet abcMallorca Business Lunch - abcMallorca Grow your Business","type":"rich","width":600,"height":338,"html":"<blockquote class=\"wp-embedded-content\" data-secret=\"h9jjPr1tLC\"><a href=\"https:\/\/www.abcmallorcadigitalmedia.com\/de\/news\/sa-fabrica-business-lunch\/\">Das Sa F\u00e0brica veranstaltet abcMallorca Business Lunch<\/a><\/blockquote><iframe sandbox=\"allow-scripts\" security=\"restricted\" src=\"https:\/\/www.abcmallorcadigitalmedia.com\/de\/news\/sa-fabrica-business-lunch\/embed\/#?secret=h9jjPr1tLC\" width=\"600\" height=\"338\" title=\"&#8222;Das Sa F\u00e0brica veranstaltet abcMallorca Business Lunch&#8220; &#8211; abcMallorca Grow your Business\" data-secret=\"h9jjPr1tLC\" frameborder=\"0\" marginwidth=\"0\" marginheight=\"0\" scrolling=\"no\" class=\"wp-embedded-content\"><\/iframe><script type=\"text\/javascript\">\n\/* <![CDATA[ *\/\n\/*! This file is auto-generated *\/\n!function(d,l){\"use strict\";l.querySelector&&d.addEventListener&&\"undefined\"!=typeof URL&&(d.wp=d.wp||{},d.wp.receiveEmbedMessage||(d.wp.receiveEmbedMessage=function(e){var t=e.data;if((t||t.secret||t.message||t.value)&&!\/[^a-zA-Z0-9]\/.test(t.secret)){for(var s,r,n,a=l.querySelectorAll('iframe[data-secret=\"'+t.secret+'\"]'),o=l.querySelectorAll('blockquote[data-secret=\"'+t.secret+'\"]'),c=new RegExp(\"^https?:$\",\"i\"),i=0;i<o.length;i++)o[i].style.display=\"none\";for(i=0;i<a.length;i++)s=a[i],e.source===s.contentWindow&&(s.removeAttribute(\"style\"),\"height\"===t.message?(1e3<(r=parseInt(t.value,10))?r=1e3:~~r<200&&(r=200),s.height=r):\"link\"===t.message&&(r=new URL(s.getAttribute(\"src\")),n=new URL(t.value),c.test(n.protocol))&&n.host===r.host&&l.activeElement===s&&(d.top.location.href=t.value))}},d.addEventListener(\"message\",d.wp.receiveEmbedMessage,!1),l.addEventListener(\"DOMContentLoaded\",function(){for(var e,t,s=l.querySelectorAll(\"iframe.wp-embedded-content\"),r=0;r<s.length;r++)(t=(e=s[r]).getAttribute(\"data-secret\"))||(t=Math.random().toString(36).substring(2,12),e.src+=\"#?secret=\"+t,e.setAttribute(\"data-secret\",t)),e.contentWindow.postMessage({message:\"ready\",secret:t},\"*\")},!1)))}(window,document);\n\/* ]]> *\/\n<\/script>\n","thumbnail_url":"https:\/\/www.abcmallorcadigitalmedia.com\/wp-content\/uploads\/2020\/11\/bl-sa-fabrica-63.jpg","thumbnail_width":1280,"thumbnail_height":720,"description":"Das abcMallorca Networking-Event fand diesmal im Restaurant Sa F\u00e0brica in Inca statt Das Restaurant Sa F\u00e0brica in Inca hat diesen Monat die perfekte Kulisse f\u00fcr den Networking Business Lunch von abcMallorca\u00a0geboten. Mallorcas Top-Gesch\u00e4ftsleute versammelten sich erneut, um Ideen und interessante Projekte. Die Beliebtheit dieser &#8222;Networking-Lunches&#8220; von abcMallorca wurde wieder einmal durch die Anzahl an Teilnehmern [&hellip;]"}